{"id":5254,"date":"2023-11-03T16:23:06","date_gmt":"2023-11-03T15:23:06","guid":{"rendered":"https:\/\/bekeffyfootball.com\/?page_id=5254"},"modified":"2023-11-04T10:36:54","modified_gmt":"2023-11-04T09:36:54","slug":"adatkezelesi-tajekoztato","status":"publish","type":"page","link":"https:\/\/bekeffyfootball.com\/fr\/adatkezelesi-tajekoztato\/","title":{"rendered":"Politique de confidentialit\u00e9"},"content":{"rendered":"\t\t<div data-elementor-type=\"wp-page\" data-elementor-id=\"5254\" class=\"elementor elementor-5254\">\n\t\t\t\t\t\t<section class=\"elementor-section elementor-top-section elementor-element elementor-element-ce0757a elementor-section-boxed elementor-section-height-default elementor-section-height-default\" data-id=\"ce0757a\" data-element_type=\"section\">\n\t\t\t\t\t\t<div class=\"elementor-container elementor-column-gap-default\">\n\t\t\t\t\t<div class=\"elementor-column elementor-col-100 elementor-top-column elementor-element elementor-element-3c2491c\" data-id=\"3c2491c\" data-element_type=\"column\">\n\t\t\t<div class=\"elementor-widget-wrap elementor-element-populated\">\n\t\t\t\t\t\t<div class=\"elementor-element elementor-element-ebbecb1 elementor-widget elementor-widget-text-editor\" data-id=\"ebbecb1\" data-element_type=\"widget\" data-widget_type=\"text-editor.default\">\n\t\t\t\t<div class=\"elementor-widget-container\">\n\t\t\t\t\t\t\t<h3>A<strong> B\u00e9keffy Football Consulting Kft. Futball Menedzseri \u00dcgyn\u00f6ks\u00e9g. www.bekeffyfootball.hu weboldal\u00e1hoz kapcsol\u00f3d\u00f3 adatkezel\u00e9si t\u00e1j\u00e9koztat\u00f3<\/strong><\/h3>\n<p>1. Jelen adatv\u00e9delmi nyilatkozat c\u00e9lja, hogy <strong>B\u00e9keffy Football Consulting Kft, Sport Menedzseri \u00dcgyn\u00f6ks\u00e9g<\/strong> [Sz\u00e9khely: 1026. Budapest, Szil\u00e1gyi Erzs\u00e9bet Fasor 33.2,&nbsp; Ad\u00f3sz\u00e1m: 25949335-1-41, C\u00e9gjegyz\u00e9ksz\u00e1m: 01 09 298026, <strong>www.bekeffyfootball.com<\/strong> internetes oldalon alkalmazott adatv\u00e9delmi \u00e9s adatkezel\u00e9si elveket r\u00f6gz\u00edtse.<\/p>\n<p>2. <strong>Adatkezel\u0151 megnevez\u00e9se<\/strong><\/p>\n<p>N\u00e9v: B\u00e9keffy Football Consulting Korl\u00e1tolt Felel\u0151ss\u00e9g\u0171 T\u00e1rsas\u00e1g,<\/p>\n<p>Sz\u00e9khely: 1026. Budapest, Szil\u00e1gyi Erzs\u00e9bet Fasor 33.2<\/p>\n<p>F\u0151 tev\u00e9kenys\u00e9g: 9319. Egy\u00e9b sporttev\u00e9kenys\u00e9g \/ Futball Menedzseri Iroda \/ J\u00e1t\u00e9kos K\u00f6zvet\u00edt\u0151 \u00dcgyn\u00f6ks\u00e9g \/&nbsp;<\/p>\n<p>telefonsz\u00e1m: +3620 967 4795<\/p>\n<p><\/p>\n<p>e mail c\u00edm: info@bekeffy.com<\/p>\n<p><span style=\"font-size: 14px;\">3. <\/span><strong style=\"font-size: 14px;\">A kezelt szem\u00e9lyes adatok k\u00f6re:<\/strong><\/p>\n<p>Az oldalon kereszt\u00fcl val\u00f3 kapcsolatfelv\u00e9tel eset\u00e9n a felhaszn\u00e1l\u00f3 a k\u00f6vetkez\u0151 szem\u00e9lyes adatait k\u00f6teles megadni a kapcsolati \u0171rmez\u0151 kit\u00f6lt\u00e9s\u00e9n\u00e9l: N\u00e9v, email c\u00edm, Telefonsz\u00e1m, Lakc\u00edm<\/p>\n<p>Az online \u00e1raj\u00e1nlat k\u00e9r\u00e9si fel\u00fclet haszn\u00e1lat\u00e1hoz a Felhaszn\u00e1l\u00f3nak el kell fogadnia jelen adatv\u00e9delmi \u00e9s adatkezel\u00e9si szab\u00e1lyzatot.<\/p>\n<p>4.<strong> Az adatkezel\u00e9ssel kapcsolatos legfontosabb jogszab\u00e1lyok<\/strong> &#8211; a GDPR [General Data Protection Regulation] Az Eur\u00f3pai Parlament \u00e9s a Tan\u00e1cs [EU] 2016\/679. sz. rendelete a term\u00e9szetes szem\u00e9lyeknek a szem\u00e9lyes adatok kezel\u00e9se tekintet\u00e9ben t\u00f6rt\u00e9n\u0151 v\u00e9delm\u00e9r\u0151l \u00e9s az ilyen adatok szabad \u00e1raml\u00e1s\u00e1r\u00f3l, valamint a 95\/46\/EK rendelet hat\u00e1lyon k\u00edv\u00fcl helyez\u00e9s\u00e9r\u0151l [\u00e1ltal\u00e1nos adatv\u00e9delmi rendelet]<\/p>\n<p>&#8211; Adatkezel\u00e9s: a szem\u00e9lyes adatokon vagy adat\u00e1llom\u00e1nyokon automatiz\u00e1lt vagy nem automatiz\u00e1lt m\u00f3don v\u00e9gzett b\u00e1rmely m\u0171velet vagy m\u0171veletek \u00f6sszess\u00e9ge, \u00edgy a gy\u0171jt\u00e9s, r\u00f6gz\u00edt\u00e9s, rendszerez\u00e9s, tagol\u00e1s, t\u00e1rol\u00e1s, \u00e1talak\u00edt\u00e1s vagy megv\u00e1ltoztat\u00e1s, lek\u00e9rdez\u00e9s, betekint\u00e9s, felhaszn\u00e1l\u00e1s, k\u00f6zl\u00e9s, tov\u00e1bb\u00edt\u00e1s, terjeszt\u00e9s vagy egy\u00e9b m\u00f3don t\u00f6rt\u00e9n\u0151 hozz\u00e1f\u00e9rhet\u0151v\u00e9 t\u00e9tel \u00fatj\u00e1n, \u00f6sszehangol\u00e1s vagy \u00f6sszekapcsol\u00e1s, korl\u00e1toz\u00e1s, t\u00f6rl\u00e9s, illetve megsemmis\u00edt\u00e9s;<\/p>\n<p>&#8211; Adatfeldolgoz\u00f3: az a term\u00e9szetes vagy jogi szem\u00e9ly, k\u00f6zhatalmi szerv, \u00fcgyn\u00f6ks\u00e9g vagy b\u00e1rmely egy\u00e9b szerv, amely az adatkezel\u0151 nev\u00e9ben szem\u00e9lyes adatokat kezel;<\/p>\n<p>-Szem\u00e9lyes adat: azonos\u00edtott vagy azonos\u00edthat\u00f3 term\u00e9szetes szem\u00e9lyre [\u00e9rintett] vonatkoz\u00f3 b\u00e1rmely inform\u00e1ci\u00f3. Azonos\u00edthat\u00f3 az a term\u00e9szetes szem\u00e9ly, aki k\u00f6zvetlen vagy k\u00f6zvetett m\u00f3don, k\u00fcl\u00f6n\u00f6sen valamely azonos\u00edt\u00f3, p\u00e9ld\u00e1ul n\u00e9v, sz\u00e1m, helymeghat\u00e1roz\u00f3 adat, online azonos\u00edt\u00f3 vagy a term\u00e9szetes szem\u00e9ly testi, fiziol\u00f3giai, genetikai, szellemi, gazdas\u00e1gi, kultur\u00e1lis vagy szoci\u00e1lis azonoss\u00e1g\u00e1ra vonatkoz\u00f3 egy vagy t\u00f6bb t\u00e9nyez\u0151 alapj\u00e1n egy\u00e9rtelm\u0171en meghat\u00e1rozhat\u00f3;<\/p>\n<p>&#8211; Adatkezel\u0151: az a term\u00e9szetes vagy jogi szem\u00e9ly, k\u00f6zhatalmi szerv, \u00fcgyn\u00f6ks\u00e9g vagy b\u00e1rmely egy\u00e9b szerv, amely a szem\u00e9lyes adatok kezel\u00e9s\u00e9nek c\u00e9ljait \u00e9s eszk\u00f6zeit \u00f6n\u00e1ll\u00f3an vagy m\u00e1sokkal egy\u00fctt meghat\u00e1rozza; ha az adatkezel\u00e9s c\u00e9ljait \u00e9s eszk\u00f6zeit az uni\u00f3s vagy a tag\u00e1llami jog hat\u00e1rozza meg, az adatkezel\u0151t vagy az adatkezel\u0151 kijel\u00f6l\u00e9s\u00e9re vonatkoz\u00f3 k\u00fcl\u00f6n\u00f6s szempontokat az uni\u00f3s vagy a tag\u00e1llami jog is meghat\u00e1rozhatja;<\/p>\n<p>&#8211; Az \u00e9rintett hozz\u00e1j\u00e1rul\u00e1sa: az \u00e9rintett akarat\u00e1nak \u00f6nk\u00e9ntes, konkr\u00e9t \u00e9s megfelel\u0151 t\u00e1j\u00e9koztat\u00e1son alapul\u00f3 \u00e9s egy\u00e9rtelm\u0171 kinyilv\u00e1n\u00edt\u00e1sa, amellyel az \u00e9rintett nyilatkozat vagy a meger\u0151s\u00edt\u00e9st f\u00e9lre\u00e9rthetetlen\u00fcl kifejez\u0151 cselekedet \u00fatj\u00e1n jelzi, hogy beleegyez\u00e9s\u00e9t adja az \u0151t \u00e9rint\u0151 szem\u00e9lyes<br>adatok kezel\u00e9s\u00e9hez;<\/p>\n<p>&#8211; Adatv\u00e9delmi incidens: a biztons\u00e1g olyan s\u00e9r\u00fcl\u00e9se, amely a tov\u00e1bb\u00edtott, t\u00e1rolt vagy m\u00e1s m\u00f3don kezelt szem\u00e9lyes adatok v\u00e9letlen vagy jogellenes megsemmis\u00edt\u00e9s\u00e9t, elveszt\u00e9s\u00e9t, megv\u00e1ltoztat\u00e1s\u00e1t, jogosulatlan k\u00f6zl\u00e9s\u00e9t vagy az azokhoz val\u00f3 jogosulatlan hozz\u00e1f\u00e9r\u00e9st eredm\u00e9nyezi.<\/p>\n<p>-C\u00edmzett: az a term\u00e9szetes vagy jogi szem\u00e9ly, k\u00f6zhatalmi szerv, \u00fcgyn\u00f6ks\u00e9g vagy b\u00e1rmely egy\u00e9b szerv, akivel vagy amellyel a szem\u00e9lyes adatot k\u00f6zlik, f\u00fcggetlen\u00fcl att\u00f3l, hogy harmadik f\u00e9l-e. Azon k\u00f6zhatalmi szervek, amelyek egy egyedi vizsg\u00e1lat keret\u00e9ben az uni\u00f3s vagy a tag\u00e1llami joggal \u00f6sszhangban f\u00e9rhetnek hozz\u00e1 szem\u00e9lyes adatokhoz, nem min\u0151s\u00fclnek c\u00edmzettnek; az eml\u00edtett adatok e k\u00f6zhatalmi szervek \u00e1ltali kezel\u00e9se meg kell, hogy feleljen az adatkezel\u00e9s c\u00e9ljainak megfelel\u0151en az alkalmazand\u00f3 adatv\u00e9delmi szab\u00e1lyoknak;<\/p>\n<p>-Harmadik f\u00e9l: az a term\u00e9szetes vagy jogi szem\u00e9ly, k\u00f6zhatalmi szerv, \u00fcgyn\u00f6ks\u00e9g vagy b\u00e1rmely egy\u00e9b szerv, amely nem azonos az \u00e9rintettel, az adatkezel\u0151vel, az adatfeldolgoz\u00f3val vagy azokkal a szem\u00e9lyekkel, akik az adatkezel\u0151 vagy adatfeldolgoz\u00f3 k\u00f6zvetlen ir\u00e1ny\u00edt\u00e1sa alatt a szem\u00e9lyes adatok kezel\u00e9s\u00e9re felhatalmaz\u00e1st kaptak.<\/p>\n<p>5.<strong> Szem\u00e9lyes adatok tov\u00e1bb\u00edt\u00e1sa \u00e9s feldolgoz\u00e1sa<\/strong><\/p>\n<p>A www.bekeffyfootball.com internetes oldal szolg\u00e1ltat\u00e1sainak haszn\u00e1lata sor\u00e1n az adatkezel\u0151 a felhaszn\u00e1l\u00f3 szem\u00e9lyes adatait jogosult tov\u00e1bb\u00edtani az al\u00e1bbi jogi szem\u00e9lyek ir\u00e1ny\u00e1ba:<\/p>\n<p>Magyar Posta<br>A fentieken t\u00fal a felhaszn\u00e1l\u00f3ra vonatkoz\u00f3 szem\u00e9lyes adatok tov\u00e1bb\u00edt\u00e1s\u00e1ra kiz\u00e1r\u00f3lag t\u00f6rv\u00e9nyben k\u00f6telez\u0151en meghat\u00e1rozott esetben, illetve a Felhaszn\u00e1l\u00f3 kifejezett hozz\u00e1j\u00e1rul\u00e1sa alapj\u00e1n ker\u00fclhet sor.<\/p>\n<p>6. <strong>Felhaszn\u00e1l\u00f3i jogok \u00e9s jog\u00e9rv\u00e9nyes\u00edt\u00e9si lehet\u0151s\u00e9gek<\/strong><\/p>\n<p>Az \u00e9rintett k\u00e9relm\u00e9re az adatkezel\u0151 t\u00e1j\u00e9koztat\u00e1st ad az \u00e9rintett \u00e1ltala kezelt adatair\u00f3l, azok forr\u00e1s\u00e1r\u00f3l, az adatkezel\u00e9s c\u00e9lj\u00e1r\u00f3l, jogalapj\u00e1r\u00f3l, id\u0151tartam\u00e1r\u00f3l, tov\u00e1bb\u00e1 arr\u00f3l, hogy kik \u00e9s milyen c\u00e9lb\u00f3l kapj\u00e1k vagy kapt\u00e1k meg adatait. Az adatkezel\u0151 a k\u00e9relem beny\u00fajt\u00e1s\u00e1t\u00f3l sz\u00e1m\u00edtott 30 napon bel\u00fcl elektronikus \u00faton adja meg a k\u00e9rt t\u00e1j\u00e9koztat\u00e1st.<\/p>\n<p>A felhaszn\u00e1l\u00f3 jogosult a helytelen\u00fcl r\u00f6gz\u00edtett szem\u00e9lyes adatainak helyesb\u00edt\u00e9s\u00e9t k\u00e9rni.<\/p>\n<p>A felhaszn\u00e1l\u00f3 jogosult szem\u00e9lyes adatainak t\u00f6rl\u00e9s\u00e9t k\u00e9rni. A t\u00f6rl\u00e9s nem vonatkozik a jogszab\u00e1lyok [pl. sz\u00e1mviteli szab\u00e1lyoz\u00e1s] alapj\u00e1n sz\u00fcks\u00e9ges adatkezel\u00e9sekre, azokat Szolg\u00e1ltat\u00f3 a sz\u00fcks\u00e9ges id\u0151tartamig meg\u0151rzi.&nbsp;<span style=\"font-size: 14px;\">Az \u00e9rintett a jelen nyilatkozatban ismertetett jogait az al\u00e1bbi&nbsp;<\/span><span style=\"font-size: 14px;\">el\u00e9rhet\u0151s\u00e9gen kereszt\u00fcl gyakorolhatja:<\/span><\/p>\n<p>Levelez\u00e9si c\u00edm: 1026. Budapest, Szil\u00e1gy Erzs\u00e9bet Fasor 33.2<\/p>\n<p>Email: info@bekeffyfootball.com<\/p>\n<p>A felhaszn\u00e1l\u00f3 az Infotv., valamint a Polg\u00e1ri T\u00f6rv\u00e9nyk\u00f6nyv alapj\u00e1n b\u00edr\u00f3s\u00e1g el\u0151tt \u00e9rv\u00e9nyes\u00edtheti jogait, tov\u00e1bb\u00e1 Nemzeti Adatv\u00e9delmi \u00e9s Inform\u00e1ci\u00f3szabads\u00e1g Hat\u00f3s\u00e1ghoz [NAIH] [1125 Budapest, Szil\u00e1gyi Erzs\u00e9bet fasor 22\/C] fordulhat az adatkezel\u0151 adatkezel\u00e9si gyakorlat\u00e1val<br>kapcsolatban felmer\u00fclt panasza eset\u00e9n.<\/p>\n<p>7. <strong>Z\u00e1r\u00f3 rendelkez\u00e9sek<\/strong><\/p>\n<p>Az adatkezel\u0151 k\u00f6telezi mag\u00e1t, hogy gondoskodik az \u00e1ltala kezelt&nbsp;szem\u00e9lyes adatok biztons\u00e1g\u00e1r\u00f3l, megteszi azokat a technikai int\u00e9zked\u00e9seket, amelyek biztos\u00edtj\u00e1k, hogy a felvett, t\u00e1rolt, illetve kezelt adatok v\u00e9dettek legyenek, illet\u0151leg mindent megtesz annak \u00e9rdek\u00e9ben, hogy megakad\u00e1lyozza azok megsemmis\u00fcl\u00e9s\u00e9t, jogosulatlan felhaszn\u00e1l\u00e1s\u00e1t \u00e9s jogosulatlan megv\u00e1ltoztat\u00e1s\u00e1t.<\/p>\n<p>Az adatkezel\u0151 fenntartja a jogot, hogy jelen nyilatkozatot a felhaszn\u00e1l\u00f3k \u00e9rtes\u00edt\u00e9se mellett egyoldal\u00faan m\u00f3dos\u00edtsa. Az adatkezel\u0151 jelen adatv\u00e9delmi nyilatkozat m\u00f3dos\u00edt\u00e1sair\u00f3l sz\u00f3l\u00f3 t\u00e1j\u00e9koztat\u00e1st k\u00f6zz\u00e9teszi a www.bekeffyfootball.com weboldalon. A m\u00f3dos\u00edt\u00e1s hat\u00e1lyba l\u00e9p\u00e9s\u00e9t k\u00f6vet\u0151en a felhaszn\u00e1l\u00f3 a szolg\u00e1ltat\u00e1s haszn\u00e1lat\u00e1val, r\u00e1utal\u00f3 magatart\u00e1ssal tudom\u00e1sul veszi a m\u00f3dos\u00edtott nyilatkozatban foglaltakai<\/p>\t\t\t\t\t\t<\/div>\n\t\t\t\t<\/div>\n\t\t\t\t\t<\/div>\n\t\t<\/div>\n\t\t\t\t\t<\/div>\n\t\t<\/section>\n\t\t\t\t<\/div>\n\t\t","protected":false},"excerpt":{"rendered":"<p>A B\u00e9keffy Football Consulting Kft. Futball Menedzseri \u00dcgyn\u00f6ks\u00e9g. www.bekeffyfootball.hu weboldal\u00e1hoz kapcsol\u00f3d\u00f3 adatkezel\u00e9si t\u00e1j\u00e9koztat\u00f3 1. Jelen adatv\u00e9delmi nyilatkozat c\u00e9lja, hogy B\u00e9keffy Football Consulting Kft, Sport Menedzseri \u00dcgyn\u00f6ks\u00e9g [Sz\u00e9khely: 1026. Budapest, Szil\u00e1gyi Erzs\u00e9bet Fasor 33.2,&nbsp; Ad\u00f3sz\u00e1m: 25949335-1-41, C\u00e9gjegyz\u00e9ksz\u00e1m: 01 09 298026, www.bekeffyfootball.com internetes oldalon alkalmazott adatv\u00e9delmi \u00e9s adatkezel\u00e9si elveket r\u00f6gz\u00edtse. 2. Adatkezel\u0151 megnevez\u00e9se N\u00e9v: B\u00e9keffy Football Consulting [&hellip;]<\/p>\n","protected":false},"author":1,"featured_media":0,"parent":0,"menu_order":0,"comment_status":"closed","ping_status":"closed","template":"elementor_header_footer","meta":{"ocean_post_layout":"","ocean_both_sidebars_style":"","ocean_both_sidebars_content_width":0,"ocean_both_sidebars_sidebars_width":0,"ocean_sidebar":"0","ocean_second_sidebar":"0","ocean_disable_margins":"enable","ocean_add_body_class":"","ocean_shortcode_before_top_bar":"","ocean_shortcode_after_top_bar":"","ocean_shortcode_before_header":"","ocean_shortcode_after_header":"","ocean_has_shortcode":"","ocean_shortcode_after_title":"","ocean_shortcode_before_footer_widgets":"","ocean_shortcode_after_footer_widgets":"","ocean_shortcode_before_footer_bottom":"","ocean_shortcode_after_footer_bottom":"","ocean_display_top_bar":"default","ocean_display_header":"default","ocean_header_style":"","ocean_center_header_left_menu":"0","ocean_custom_header_template":"0","ocean_custom_logo":0,"ocean_custom_retina_logo":0,"ocean_custom_logo_max_width":0,"ocean_custom_logo_tablet_max_width":0,"ocean_custom_logo_mobile_max_width":0,"ocean_custom_logo_max_height":0,"ocean_custom_logo_tablet_max_height":0,"ocean_custom_logo_mobile_max_height":0,"ocean_header_custom_menu":"0","ocean_menu_typo_font_family":"0","ocean_menu_typo_font_subset":"","ocean_menu_typo_font_size":0,"ocean_menu_typo_font_size_tablet":0,"ocean_menu_typo_font_size_mobile":0,"ocean_menu_typo_font_size_unit":"px","ocean_menu_typo_font_weight":"","ocean_menu_typo_font_weight_tablet":"","ocean_menu_typo_font_weight_mobile":"","ocean_menu_typo_transform":"","ocean_menu_typo_transform_tablet":"","ocean_menu_typo_transform_mobile":"","ocean_menu_typo_line_height":0,"ocean_menu_typo_line_height_tablet":0,"ocean_menu_typo_line_height_mobile":0,"ocean_menu_typo_line_height_unit":"","ocean_menu_typo_spacing":0,"ocean_menu_typo_spacing_tablet":0,"ocean_menu_typo_spacing_mobile":0,"ocean_menu_typo_spacing_unit":"","ocean_menu_link_color":"","ocean_menu_link_color_hover":"","ocean_menu_link_color_active":"","ocean_menu_link_background":"","ocean_menu_link_hover_background":"","ocean_menu_link_active_background":"","ocean_menu_social_links_bg":"","ocean_menu_social_hover_links_bg":"","ocean_menu_social_links_color":"","ocean_menu_social_hover_links_color":"","ocean_disable_title":"default","ocean_disable_heading":"default","ocean_post_title":"","ocean_post_subheading":"","ocean_post_title_style":"","ocean_post_title_background_color":"","ocean_post_title_background":0,"ocean_post_title_bg_image_position":"","ocean_post_title_bg_image_attachment":"","ocean_post_title_bg_image_repeat":"","ocean_post_title_bg_image_size":"","ocean_post_title_height":0,"ocean_post_title_bg_overlay":0.5,"ocean_post_title_bg_overlay_color":"","ocean_disable_breadcrumbs":"default","ocean_breadcrumbs_color":"","ocean_breadcrumbs_separator_color":"","ocean_breadcrumbs_links_color":"","ocean_breadcrumbs_links_hover_color":"","ocean_display_footer_widgets":"default","ocean_display_footer_bottom":"default","ocean_custom_footer_template":"0","footnotes":""},"class_list":["post-5254","page","type-page","status-publish","hentry","entry"],"_links":{"self":[{"href":"https:\/\/bekeffyfootball.com\/fr\/wp-json\/wp\/v2\/pages\/5254","targetHints":{"allow":["GET"]}}],"collection":[{"href":"https:\/\/bekeffyfootball.com\/fr\/wp-json\/wp\/v2\/pages"}],"about":[{"href":"https:\/\/bekeffyfootball.com\/fr\/wp-json\/wp\/v2\/types\/page"}],"author":[{"embeddable":true,"href":"https:\/\/bekeffyfootball.com\/fr\/wp-json\/wp\/v2\/users\/1"}],"replies":[{"embeddable":true,"href":"https:\/\/bekeffyfootball.com\/fr\/wp-json\/wp\/v2\/comments?post=5254"}],"version-history":[{"count":0,"href":"https:\/\/bekeffyfootball.com\/fr\/wp-json\/wp\/v2\/pages\/5254\/revisions"}],"wp:attachment":[{"href":"https:\/\/bekeffyfootball.com\/fr\/wp-json\/wp\/v2\/media?parent=5254"}],"curies":[{"name":"wp","href":"https:\/\/api.w.org\/{rel}","templated":true}]}}