{"id":686,"date":"2017-04-26T20:20:47","date_gmt":"2017-04-26T19:20:47","guid":{"rendered":"http:\/\/uj.bekeffyfootball.com\/?page_id=686"},"modified":"2017-05-02T22:02:27","modified_gmt":"2017-05-02T21:02:27","slug":"our-history","status":"publish","type":"page","link":"https:\/\/bekeffyfootball.com\/fr\/our-history\/","title":{"rendered":"Our history"},"content":{"rendered":"<h1>Our history<\/h1>\n<table border=\"0\" cellspacing=\"20\">\n<tbody>\n<tr>\n<td>\n<h3>B\u00e9keffy Jen\u0151 was one of the first and most successful UEFA football manager of his generation.<\/h3>\n<\/td>\n<td>\n<h4><img decoding=\"async\" src=\"http:\/\/bekeffyfootball.com\/storage\/1935.png\" alt=\"\" width=\"79\" height=\"78\" \/><\/h4>\n<\/td>\n<\/tr>\n<tr>\n<td><a class=\"lightbox\" href=\"http:\/\/bekeffyfootball.com\/storage\/befunky_team_old2.jpg.jpg\"><img fetchpriority=\"high\" decoding=\"async\" class=\"alignright\" src=\"http:\/\/bekeffyfootball.com\/storage\/befunky_team_old2.jpg.jpg\" alt=\"\" width=\"440\" height=\"278\" \/><\/a><\/p>\n<p>He was born on 28th May 1935 in Monor, Hungary and started playing football at the young age of eight. In 1951 he played for Monor FC in the second division. He joined Honv\u00e9d FC in 1954 and played as a member of the first team.<\/p>\n<p>&nbsp;<\/p>\n<p>1951-1952 Monor FC team picture, Solti, Komjati, Varga, Szab\u00f3 M, T\u00e1bori, B\u00e1nkuti, B\u00e9keffi, Paus, Pifk\u00f3, Pet\u0151, Baj\u00e1ri, Ver\u00e9b, Antal, Bolla, Boros, Petrovics.<\/p>\n<p>The 1956 Hungarian revolution was a turning point in B\u00e9keffy\u2019s life and he decided to change his fortune forever. After mastering his skills at Honv\u00e9d FC for two years, he emigrated to Holland in 1956 along with fellow football players Miklos Todor and Bandi B\u00e9res. Later, B\u00e9res became well-known as the trainer of Beerschot and afterwards, the coach of Anderlecht.<\/p>\n<p>&nbsp;<\/p>\n<p>&nbsp;<\/td>\n<td><\/td>\n<\/tr>\n<tr>\n<td>\n<hr \/>\n<\/td>\n<td><\/td>\n<\/tr>\n<tr>\n<td>\n<h3>In 1956, football coach Jozsef Vereb founded a team of Hungarian expatriate players in Holland.<\/h3>\n<\/td>\n<td>\u00a0<img decoding=\"async\" src=\"http:\/\/bekeffyfootball.com\/storage\/1956.png\" alt=\"\" width=\"79\" height=\"66\" \/><\/td>\n<\/tr>\n<tr>\n<td><a class=\"lightbox\" href=\"http:\/\/bekeffyfootball.com\/storage\/teampicture111.jpg\"><img loading=\"lazy\" decoding=\"async\" class=\"alignright\" src=\"http:\/\/bekeffyfootball.com\/storage\/teampicture11.jpg\" alt=\"\" width=\"440\" height=\"279\" \/><\/a><span id=\"result_box\" lang=\"en\"><span class=\"hps\">The photo was taken before the match against PSV&rsquo;s first team.<br \/>\n<\/span><\/span><span id=\"result_box\" lang=\"en\"><span class=\"hps\">Top row: <\/span><\/span><\/p>\n<p><span id=\"result_box\" lang=\"en\"><span class=\"hps\">(from left)<\/span> T\u00f3d\u00f3r M\u00edklos, n\/a,\u00a0 <span class=\"hps\">Andr\u00e1s B\u00e9res<\/span>, n\/a, n\/a<span class=\"hps\">,<\/span> n\/a,<\/span><span id=\"result_box\" lang=\"en\"> Bekeffy Jen\u0151<\/span><span id=\"result_box\" lang=\"en\"> and the coach J\u00f3zsef Ver\u00e9b.<\/span><\/p>\n<p><span id=\"result_box\" lang=\"en\"><br \/>\n<span class=\"hps\">Bottom row<\/span>: <\/span><\/p>\n<p><span id=\"result_box\" lang=\"en\">(from left) <\/span><span class=\"hps\">n\/a, n\/a and Bogn\u00e1r Gy\u00f6rgy.<\/span><\/p>\n<p>&nbsp;<\/td>\n<td><\/td>\n<\/tr>\n<tr>\n<td>\n<hr \/>\n<\/td>\n<td><\/td>\n<\/tr>\n<tr>\n<td>\n<h3><strong>In 1957, he played for Enschede &#8211; a first division team currently known as FC Twente.<\/strong><\/h3>\n<\/td>\n<td>\u00a0<img loading=\"lazy\" decoding=\"async\" src=\"http:\/\/bekeffyfootball.com\/storage\/1957.png\" alt=\"\" width=\"79\" height=\"66\" \/><\/td>\n<\/tr>\n<tr>\n<td><a class=\"lightbox\" href=\"http:\/\/bekeffyfootball.com\/storage\/befunky_page_14.jpg.jpg\"><img loading=\"lazy\" decoding=\"async\" class=\"alignright\" src=\"http:\/\/bekeffyfootball.com\/storage\/befunky_page_14.jpg.jpg\" alt=\"\" width=\"440\" height=\"275\" \/><\/a>In the meantime, he graduated from the Dutch Art Academy.<\/p>\n<p><span id=\"result_box\" lang=\"en\"><strong><span class=\"hps\">Top row: <\/span><\/strong><\/span><\/p>\n<p><span id=\"result_box\" lang=\"en\"><span class=\"hps\">(from left)<\/span> n\/a, <span class=\"hps\">Andr\u00e1s B\u00e9res<\/span>, n\/a, n\/a<span class=\"hps\">,<\/span> n\/a, n\/a, n\/a, n\/a,<\/span><span id=\"result_box\" lang=\"en\"> and Todor Miklos.<\/span><\/p>\n<p><span id=\"result_box\" lang=\"en\"><br \/>\n<strong><span class=\"hps\">Bottom row<\/span>: <\/strong><\/span><\/p>\n<p><span id=\"result_box\" lang=\"en\">(from left) B\u00e9keffy Jen<\/span><span class=\"hps\">\u0151, n\/a, n\/a, and on the right the famous coaches\u00a0<strong>\u00d6streicher Emil<\/strong> and <strong>Ernst Happel<\/strong><\/span><\/td>\n<td><\/td>\n<\/tr>\n<tr>\n<td>\n<hr \/>\n<\/td>\n<td><\/td>\n<\/tr>\n<tr>\n<td>\n<h3>Tactical meeting with \u00d6streicher Emil before the match<\/h3>\n<\/td>\n<td><\/td>\n<\/tr>\n<tr>\n<td><a class=\"lightbox\" href=\"http:\/\/bekeffyfootball.com\/storage\/befunky_befunky_page_22b.jpg.jpg\"><strong><img loading=\"lazy\" decoding=\"async\" class=\"alignright\" src=\"http:\/\/bekeffyfootball.com\/storage\/befunky_befunky_page_22b.jpg.jpg\" alt=\"\" width=\"440\" height=\"277\" \/><\/strong><\/a><\/p>\n<p><strong>\u00d6streicher Emil<\/strong>\u00a0<span id=\"result_box\" lang=\"fr\"> <span class=\"hps\"><span id=\"result_box\" lang=\"en\">was the sports director of Real Madrid.\u00a0 Accordingly, he took his friend Ferenc Pusk\u00e1s to the Real\u00a0 as a striker.\u00a0 In his time the club has won five European Cup Champions.<\/span><\/span><\/span><\/p>\n<p><span id=\"result_box\" lang=\"fr\"><span class=\"hps\"><span id=\"result_box\" lang=\"en\"><br \/>\n<strong>Picture: <\/strong>Emil\u00a0\u00d6streicher , B\u00e9keffy Jen\u0151,<\/span><\/span><\/span><span id=\"result_box\" lang=\"fr\"><span class=\"hps\"><span id=\"result_box\" lang=\"en\"> Andr\u00e1s B\u00e9res<\/span><\/span><\/span><span id=\"result_box\" lang=\"fr\"><span class=\"hps\"><span id=\"result_box\" lang=\"en\"> and Todor Miklos.<\/span><\/span> <\/span><\/td>\n<td><\/td>\n<\/tr>\n<tr>\n<td>\n<hr \/>\n<\/td>\n<td><\/td>\n<\/tr>\n<tr>\n<td>\n<h3>Amsterdam: Jen\u0151 B\u00e9keffy with his two friends, Andr\u00e1s B\u00e9res and Ferenc Pusk\u00e1s.<\/h3>\n<\/td>\n<td><\/td>\n<\/tr>\n<tr>\n<td><a class=\"lightbox\" href=\"http:\/\/bekeffyfootball.com\/storage\/befunky_img073puslas.jpg.jpg\"><img loading=\"lazy\" decoding=\"async\" class=\"alignright\" src=\"http:\/\/bekeffyfootball.com\/storage\/befunky_img073puslas.jpg.jpg\" alt=\"\" width=\"440\" height=\"299\" \/><\/a><\/p>\n<p>Pusk\u00e1s started his career in Hungary playing for Kispest and Budapest Honved. He was top scorer in the Hungarian League on four occasions, and in 1948, he was the top goal scorer in Europe. During the 1950s, he was both a prominent member and captain of the Hungarian national team, known as the Mighty Magyars. In 1958, two years after the Hungarian Revolution, he emigrated to Spain where he played for Real Madrid.<\/p>\n<p>B\u00e9keffy worked in Holland and learned the language first and later joined the institution for Hungarian immigrants. He met his future wife at this school, who was traveling throughout Europe working as a professional photo model.<\/p>\n<p>&nbsp;<\/td>\n<td><\/td>\n<\/tr>\n<tr>\n<td>\n<hr \/>\n<\/td>\n<td><\/td>\n<\/tr>\n<tr>\n<td>\n<h3>B\u00e9keffy Jen\u0151 started his football manager career in 1965.<\/h3>\n<\/td>\n<td>\u00a0<img loading=\"lazy\" decoding=\"async\" src=\"http:\/\/bekeffyfootball.com\/storage\/1965.png\" alt=\"\" width=\"79\" height=\"66\" \/><\/td>\n<\/tr>\n<tr>\n<td>In 1964, B\u00e9keffy moved to Belgium where he was a photo model for Fred Perry for three years.<strong>He started his football manager career in 1965<\/strong>. One of his first deals was the transfer of Gerald Bergholtz (Pummie) from Feyenoord to Anderlecht. Amongst his transfers was Rob Rensenbrink, Arie Haan, Attila Ladinszky, Erwin Vandenbergh, Peter Ressel, Frank Arnesen, Benny Nielsen, Ronny van Poucke, Johnny Dusbaba, Tony Rombouts, Andersen Enrik, Johan Devrindt, Juan Lozano, Nico de Bree, Jan Mulder, Frank Arnesen, Dirk Goosens, Tony Rombouts, Franky Vanhaecke, Kenneth Brylle, Jean Dockx, Bergholt Pummy to <strong>Anderlecht RSC<\/strong>, was Tamas Krivitz, Kessel and Barnabas Liebhaber<strong> to Lierse FC<\/strong>, Antal Nagy to <strong>Standard FC<\/strong>, Bjeree to <strong>PSV Eindhoven<\/strong>, Larsen to <strong>FC Nantes<\/strong>,\u00a0Johnny Dusbaba, Gerald Vanenburg, Dick Helling, Karel Bonsink, Johnny Rep, Ruud Geelst, Barry Hulshoff, Wim Suurbier, Dick van Dijk, Gerrie M\u00fchren, Nico Rijders, Ruud Krol to <strong>Ajax AFC<\/strong>&#8230;.<br \/>\n<strong>In 1975, he will transfer for Anderlecht the head coach, Hans Croon.<\/strong>His Anderlecht side won the 1976 UEFA Cup Winners&rsquo; Cup with a 4\u20132 victory over West Ham United on 5 May 1976 at Heysel in Brussels.<\/td>\n<td><\/td>\n<\/tr>\n<tr>\n<td>\n<hr \/>\n<\/td>\n<td><\/td>\n<\/tr>\n<tr>\n<td>\n<h3>Anderlecht chairman, Mr. Constant Vanden Stock said in 2008 that he had two reliable football advisers ,\u00a0 the former Anderlecht chairman, Mr Albert Roosens and the football manager B\u00e9keffy Jen\u0151. In 1980, he will be responsible for the return of Michel Verschueren as sporting director of the club.<\/h3>\n<h3><img loading=\"lazy\" decoding=\"async\" class=\"aligncenter\" src=\"http:\/\/bekeffyfootball.com\/storage\/michel_verschueren.jpg\" alt=\"\" width=\"212\" height=\"144\" \/><\/h3>\n<\/td>\n<td><\/td>\n<\/tr>\n<tr>\n<td>\n<hr \/>\n<\/td>\n<td><\/td>\n<\/tr>\n<tr>\n<td><a class=\"lightbox\" href=\"http:\/\/bekeffyfootball.com\/storage\/befunky_befunky_janoe3.jpg.jpg\"><strong><img loading=\"lazy\" decoding=\"async\" class=\"alignright\" src=\"http:\/\/bekeffyfootball.com\/storage\/befunky_befunky_janoe3.jpg.jpg\" alt=\"\" width=\"194\" height=\"253\" \/><\/strong><\/a><\/p>\n<h3><strong>Jen\u0151 B\u00e9keffy in front of Racing Club Anderlecht stadium \u2013 where he managed player transfers for over 17 years.<\/strong><\/h3>\n<p>&nbsp;<\/p>\n<p><a class=\"lightbox\" href=\"http:\/\/bekeffyfootball.com\/storage\/anderlecht_1976.jpg\"><img loading=\"lazy\" decoding=\"async\" src=\"http:\/\/bekeffyfootball.com\/storage\/anderlecht_1976.jpg\" alt=\"\" width=\"270\" height=\"192\" \/><\/a><\/p>\n<p><strong>B\u00e9keffy Jen\u0151 players:<\/strong><\/p>\n<p>Nico de Bree, Erwin Van den Daele, Johnny Dusbaba, Ronny van Poucke, Fran\u00e7ois Van der Elst, Arie Haan, Peter Ressel, Rob Rensenbrink, Ruud Geels, Benny Nielsen, Erwin Vandenbergh, Frank Arnesen, Ronny Van Poucke, Dirk Goossens, Peter Rasmussen, Franky Vanhaecke, Kenneth Brylle Larsen, Johan Devrindt,\u00a0Morten Olsen, Johan Lozano, Gerald Bergholt, Nico Rijnders, Jan Mulder, Fazekas \u00c1rp\u00e1d, Attila Ladinsky&#8230;.<\/p>\n<p><span id=\"result_box\" lang=\"en\"><span class=\"hps\">The club<\/span> <span class=\"hps\">won<\/span> <span class=\"hps\">the European Cup<\/span> <span class=\"hps\">three<\/span><\/span><span id=\"result_box\" lang=\"en\"><span class=\"hps\"> times,\u00a0<\/span> <span class=\"hps\">two times the<\/span> <span class=\"hps\">UEFA Champions League<\/span><\/span><span id=\"result_box\" lang=\"en\"> and thirty-three <\/span><span id=\"result_box\" lang=\"en\">times <span class=\"hps\">the Belgium<\/span> <span class=\"hps\">Champions<\/span> <span class=\"hps\">Cup.<\/span><\/span><\/p>\n<p>&nbsp;<\/p>\n<p><a class=\"lightbox\" href=\"http:\/\/bekeffyfootball.com\/storage\/ajax_em_1973.jpg\"><img loading=\"lazy\" decoding=\"async\" src=\"http:\/\/bekeffyfootball.com\/storage\/ajax_em_1973.jpg\" alt=\"\" width=\"270\" height=\"144\" \/><\/a><\/p>\n<p><strong>For the Ajax of Amsterdam<\/strong>:<\/p>\n<p>Jen\u0151 B\u00e9keffy did more than 29 transfers, Johnny Dusbaba, Gerald Vanenburg,<br \/>\nDick Helling, Karel Bonsink, Johnny Rep, Ruud Geels, Barry Hulshoff, Simon Tahamata, Ren\u00e9 Noten, Arie Haan, Nico Jansen, Gerald Vanenburg, Theo van Duivenbode, Dick Helling, Jan Mulder, Wim Suurbier, Johan Cruyff, Dick van Dijk, Gerrie M\u00fchren, Nico Rijders, Piet Schrijvers,\u00a0Ruud Krol&#8230;.<\/p>\n<p>&nbsp;<\/td>\n<td><\/td>\n<\/tr>\n<tr>\n<td><a class=\"lightbox\" href=\"http:\/\/bekeffyfootball.com\/storage\/befunky_bekeffyweb33c.jpg\"><img loading=\"lazy\" decoding=\"async\" class=\"alignright\" src=\"http:\/\/bekeffyfootball.com\/storage\/befunky_bekeffyweb33c.jpg\" alt=\"\" width=\"194\" height=\"176\" \/><\/a><\/p>\n<p><span id=\"result_box\" lang=\"en\"><strong><span class=\"hps\">In 1973 &#8211; together with <\/span><span class=\"hps\">Cor<\/span> <span class=\"hps\">Coster &#8211;<\/span>\u00a0 <span class=\"hps\">Johan<\/span> <span class=\"hps\">Cruyff<\/span>\u00a0<\/strong><span class=\"hps\">was transferred after<\/span> <span class=\"hps\">nine<\/span> <span class=\"hps\">seasons<\/span> <span class=\"hps\">in\u00a0the\u00a0Eredivisie<\/span>\u00a0<span class=\"hps\">at<\/span> <span class=\"hps\">Ajax<\/span> <span class=\"hps\">Amsterdam<\/span>\u00a0to\u00a0La Liga club<span class=\"hps\">\u00a0FC<\/span> <span class=\"hps\">Barcelona<\/span> <span class=\"hps\">\u200b\u200bwhere\u00a0he spent<\/span>\u00a0<span class=\"hps\">five<\/span> <span class=\"hps\">seasons before<\/span> <span class=\"hps\">leaving for<\/span> <span class=\"hps\">the United<\/span> <span class=\"hps\">States.<\/span><\/span><\/p>\n<p><span id=\"result_box\" lang=\"en\"><br \/>\n<strong><span class=\"hps\">In the photo<\/span> <span class=\"hps\">appears<\/span> <span class=\"hps\">Cor<\/span> <span class=\"hps\">Coster<\/span>, <span class=\"hps\">the step<\/span><span class=\"hps\">father<\/span> <span class=\"hps\">of Johan<\/span> <span class=\"hps\">Cryuff<\/span> <span class=\"hps\">and<\/span> <span class=\"hps\">Jen\u0151<\/span> <span class=\"hps\">B\u00e9keffy<\/span>.<\/strong><\/span><\/td>\n<td><\/td>\n<\/tr>\n<tr>\n<td><a class=\"lightbox\" href=\"http:\/\/bekeffyfootball.com\/storage\/ernst_happel.jpeg\"><img loading=\"lazy\" decoding=\"async\" class=\"alignright\" src=\"http:\/\/bekeffyfootball.com\/storage\/ernst_happel.jpeg\" alt=\"\" width=\"194\" height=\"259\" \/><\/a><\/p>\n<p>&nbsp;<\/p>\n<p><strong>In 1975, Bekeffy Jeno transferred Ernst Happel of Club Brugge.<\/strong><\/p>\n<p>After retiring as a player, Happel went on to become one of the greatest coaches of all time. He won the league title in four different countries. During his career as coach Happel worked for several clubs, including Sevilla, Club Brugge (winning the Belgian Championship title several times) and Hambourg (1981\u20131987, German champions in 1982 and 1983, German Cup winner 1987).<\/p>\n<p>For <strong>PSV Eindhoven, <\/strong>we transfered <strong>Guus Hiddink<\/strong>, Frank Arnesen, Jan Van Beveren, Peter Ressel, Harrie Vos, Wieste Veestra, Kenneth Brylle Larsen, Ren\u00e9 van de Kerkhofs, Kresten Bjerre, Jan van Deinsen, Munk Jensen and many more.<\/p>\n<p>For <strong>Feyenoord Rotterdam, <\/strong>the transfers of\u00a0Jan Boskamp<strong>,<\/strong> Gerald vander Lem, Ren\u00e9 Notten, Peter Ressel, Wim Van Hanegem, Harrie Vos, Jopp van Daele, Theo van Duivenbode, Theo de Jorgh, Jan van Deinsen, Andr\u00e9 Vanden Ley and\u00a0Attila Ladinsky were concluded.<\/td>\n<td><\/td>\n<\/tr>\n<tr>\n<td>\n<hr \/>\n<\/td>\n<td><\/td>\n<\/tr>\n<tr>\n<td>\n<h3>B\u00e9keffy received his UEFA license in 1982.<\/h3>\n<\/td>\n<td>\u00a0<img loading=\"lazy\" decoding=\"async\" src=\"http:\/\/bekeffyfootball.com\/storage\/1982.png\" alt=\"\" width=\"79\" height=\"66\" \/><\/td>\n<\/tr>\n<tr>\n<td>\u00a0<a class=\"lightbox\" href=\"http:\/\/bekeffyfootball.com\/storage\/befunky_befunky_befunky_img051.jpg\"><img loading=\"lazy\" decoding=\"async\" src=\"http:\/\/bekeffyfootball.com\/storage\/befunky_befunky_befunky_img051.jpg\" alt=\"\" width=\"289\" height=\"226\" \/><\/a><a class=\"lightbox\" href=\"http:\/\/bekeffyfootball.com\/storage\/uefa.jpg\"><img loading=\"lazy\" decoding=\"async\" src=\"http:\/\/bekeffyfootball.com\/storage\/uefa.jpg\" alt=\"\" width=\"260\" height=\"300\" \/><\/a><\/td>\n<td><\/td>\n<\/tr>\n<tr>\n<td>\n<hr \/>\n<\/td>\n<td><\/td>\n<\/tr>\n<tr>\n<td>\n<h3><a class=\"lightbox\" href=\"http:\/\/bekeffyfootball.com\/storage\/befunky_befunky_fazekas002b.jpg.jpg\"><img loading=\"lazy\" decoding=\"async\" class=\"alignright\" src=\"http:\/\/bekeffyfootball.com\/storage\/befunky_befunky_fazekas002b.jpg.jpg\" alt=\"\" width=\"440\" height=\"321\" \/><\/a>1982 Antwerpen, hungarian players playing in Belgium:<\/h3>\n<h3><\/h3>\n<p>Kocsis Istv\u00e1n (Honv\u00e9d SE &#8211; SK Lierse),<br \/>\nB\u00e9keffy Jen\u0151 (FIFA manager),<br \/>\nFazekas L\u00e1szl\u00f3 (\u00dajpesti D\u00f3zsa &#8211; Royal FC Antwerp),<br \/>\nMucha J\u00f3zsef (Ferencv\u00e1rosi TC &#8211; KSV Waregem),<br \/>\nT\u00f3th Andr\u00e1s (\u00dajpesti D\u00f3zsa &#8211; SK Lierse),<br \/>\nPopovics S\u00e1ndor (SVV &#8211; KSV Waregem).<\/td>\n<td><\/td>\n<\/tr>\n<tr>\n<td>\n<hr \/>\n<\/td>\n<td><\/td>\n<\/tr>\n<tr>\n<td>\n<h3>EUROPEAN CUP in 1983 (Ferencv\u00e1rosi sport TC &#8211; PSV Eindhoven FC)<\/h3>\n<\/td>\n<td>\u00a0<img loading=\"lazy\" decoding=\"async\" src=\"http:\/\/bekeffyfootball.com\/storage\/1983.png\" alt=\"\" width=\"79\" height=\"66\" \/><\/td>\n<\/tr>\n<tr>\n<td><a class=\"lightbox\" href=\"http:\/\/bekeffyfootball.com\/storage\/befunky_img069bb.jpg.jpg\"><img loading=\"lazy\" decoding=\"async\" class=\"alignright\" src=\"http:\/\/bekeffyfootball.com\/storage\/befunky_img069bb.jpg.jpg\" alt=\"\" width=\"440\" height=\"314\" \/><\/a>B\u00e9keffy Jen\u0151 (Football Manager)<br \/>\nReker Jan (PSV Eindhoven FC Coach)<br \/>\nLosonci Tibor (Ferencv\u00e1rosi sport TC Managing Director)<br \/>\nPusztai L\u00e1szl\u00f3 ( Ferencv\u00e1rosi sport TC)<br \/>\nNov\u00e1k Dezs\u0151 (Ferencv\u00e1rosi sport TC Coach)<\/td>\n<td><\/td>\n<\/tr>\n<tr>\n<td>\n<hr \/>\n<\/td>\n<td><\/td>\n<\/tr>\n<tr>\n<td>\n<h2>Our legendary players<\/h2>\n<p>&nbsp;<\/p>\n<ul>\n<li>Johnny Metgod (AZ Alkmaar &#8211; Real Madrid FC), <a class=\"lightbox\" href=\"http:\/\/bekeffyfootball.com\/storage\/bekeffyweb11.jpg\"><img loading=\"lazy\" decoding=\"async\" class=\"alignright\" src=\"http:\/\/bekeffyfootball.com\/storage\/bekeffyweb11.jpg\" alt=\"\" width=\"300\" height=\"388\" \/><\/a><\/li>\n<li>Martin Jol (ADO Den Haag &#8211; Bayer M\u00fcnchen),<\/li>\n<li>Georges Leekens (Crossing Club &#8211; FC Bruges),<\/li>\n<li>Gerrie M\u00fchren (AFC Ajax &#8211; Real Betis FC),<\/li>\n<li>Simon Tahamata (AFC Ajax &#8211; Standard Li\u00e9ge),<\/li>\n<li>Jan Van Beveren (Sparta Rotterdam &#8211; PSV Eindhoven),<\/li>\n<li>Gerald vander Lem (Feyenoord Rotterdam &#8211; Sparta Rotterdam),<\/li>\n<li>Ren\u00e9 Notten (AFC Ajax &#8211;\u00a0 Feyenoord Rotterdam),<\/li>\n<li>Josko Gluic (AFC Ajax &#8211; Go Ahead Eagles),<\/li>\n<li>Johnny Reb (AFC Ajax &#8211; Valencia CF, SC Bastia &#8211; AS Saint \u00c9tienne),<\/li>\n<li>Arie Haan (AFC Ajax &#8211; RSC Anderlecht),<\/li>\n<li>Tscheu La Ling (Panathinaikos FC &#8211; Olympique Marseille),<\/li>\n<li>Wim Suurbier (Schalke&rsquo;04 &#8211; FC Metz),<\/li>\n<li>Jan Boskamp (Feyenoord FC &#8211; RWDM),<\/li>\n<li>Peter Ressel (PSV Eindhoven &#8211; Lierse SK, Feyenoord FC &#8211; RSC Anderlecht, San Jose Earthquate),<\/li>\n<li>John Eriksen (Feyenoord FC &#8211; FC Servette),<\/li>\n<li>Nico Jansen (AFC Ajax &#8211;\u00a0 RWDM FC),<\/li>\n<li>Ruud Geels (AFC Ajax &#8211; RSC Anderlecht &#8211; PSV Eindhoven),<\/li>\n<li>Johan Neeskens (AFC Ajax &#8211; FC Barcelona),<\/li>\n<li>Ralf Edstr\u00f6m (Standard Liege &#8211; Monaco FC),<\/li>\n<li>Fank Arnesen (Valencia FC &#8211; RSC Anderlecht &#8211;\u00a0 PSV Eindhoven), <a class=\"lightbox\" href=\"http:\/\/bekeffyfootball.com\/storage\/bekeffyweb5.jpg\"><img loading=\"lazy\" decoding=\"async\" class=\"alignright\" src=\"http:\/\/bekeffyfootball.com\/storage\/bekeffyweb5.jpg\" alt=\"\" width=\"300\" height=\"396\" \/><\/a><\/li>\n<li>Rob Rensenbrink (FC Bruges &#8211; RSC Anderlecht),<\/li>\n<li>Jan Ceulemans (FC Lierse &#8211; FC Bruges),<\/li>\n<li>Erwin Vandenbergh (RSC Anderlecht &#8211; FC Lierse),<\/li>\n<li>Andr\u00e9 De Nul (Lierse SK &#8211; RSC Anderlecht),<\/li>\n<li>Jean Dockx (RWDM &#8211; RSC Anderlecht),<\/li>\n<li>Benny Nielsen (RWDM FC &#8211; RSC Anderlecht),<\/li>\n<li>Ronny Van Poucke (RSC Anderlecht &#8211; KV Kortrijk),<\/li>\n<li>Dirk Goossens (Beerschot FC &#8211; RSC Anderlecht),<\/li>\n<li>Jacky Munaron (FC Dinant &#8211; RSC Anderlecht),<\/li>\n<li>Johnny Dusbaba (AFC Ajax &#8211; RSC Anderlecht),<\/li>\n<li>Peter Rasmussen (B 1901 &#8211; RSC Anderlecht),<\/li>\n<li>Gerald Vanenburg (AFC Ajax &#8211; PSV Eindhoven),<\/li>\n<li>Johan Cruyff (AFC Ajax &#8211;\u00a0 Barcelona FC),<\/li>\n<li>Johan van Loen (FC Ultrecht &#8211; Roda JC),<\/li>\n<li>Franky Van der Elst (RWDM &#8211; Club Brugge),<\/li>\n<li>Houwaart Henk (Cercle de Brugge &#8211; FC Bruges),<\/li>\n<li>Alex Saelen (Waterschei SV &#8211; FC Genk),<\/li>\n<li>Hans Kattenburg (AFC Ajax),<\/li>\n<li>Stef Walbeek (Sparta Rotterdam &#8211; Hertha BSC), <a class=\"lightbox\" href=\"http:\/\/bekeffyfootball.com\/storage\/bekeffyweb14.jpg\"><img loading=\"lazy\" decoding=\"async\" class=\"alignright\" src=\"http:\/\/bekeffyfootball.com\/storage\/bekeffyweb14.jpg\" alt=\"\" width=\"300\" height=\"382\" \/><\/a><\/li>\n<li>Wim Van Hanegem (FC Ultrecht &#8211; FC Feyenoord),<\/li>\n<li>Eric Maes (KSV Waregem),<\/li>\n<li>Patrick Schoofs (KSC Hasselt &#8211; KSK Beveren),<\/li>\n<li>Alex Saelen (Waterschei FC &#8211; FC Waregem),<\/li>\n<li>Tony Rombouts (Standard Li\u00e9ge FC &#8211; RSC Anderlecht),<\/li>\n<li>Harrie Vos (PSV Eindhoven &#8211; Feyenooord Rotterdam),<\/li>\n<li>Jopp van Daele (FC Feyenoord &#8211; Go Ahead Eagles),<\/li>\n<li>Barry Hulshoff (AFC Ajax &#8211; MVV FC),<\/li>\n<li>Franky Vanhaecke (FC Bruges &#8211; RSC Anderlecht),<\/li>\n<li>Sim Bloemberg (FC Groningen),<\/li>\n<li>Wietse Veenstra (Cerlce de Brugge &#8211; PSV Eindhoven),<\/li>\n<li>Theo van Duivenbode (AFC Ajax &#8211; Feyenoord FC),<\/li>\n<li>Dick Helling (AFC Ajax -FC Veledam),<\/li>\n<li>Martin van Duren (PSV Einhoven &#8211; Racing Jette FC),<\/li>\n<li>Johan van Looy (RFC Seraing),<\/li>\n<li>Peter Nilsson (\u00d6sters IF &#8211; FC Bruges),<\/li>\n<li>Andersen Enrik (Fremad Amager FC &#8211; RSC Anderlecht),<\/li>\n<li>Kenneth Brylle Larsen (RSC Anderlecht &#8211; PSV Eindhoven),<\/li>\n<li>Johan Devrindt (RSC Anderlecht &#8211; PSV Eindhoven), <a class=\"lightbox\" href=\"http:\/\/bekeffyfootball.com\/storage\/bekeffy_jeno_003.jpg\"><img loading=\"lazy\" decoding=\"async\" class=\"alignright\" src=\"http:\/\/bekeffyfootball.com\/storage\/bekeffy_jeno_003.jpg\" alt=\"\" width=\"300\" height=\"400\" \/><\/a><\/li>\n<li>Morten Olsen (RWDM &#8211; RSC Anderlecht),<\/li>\n<li>Juan Lozano (Beerschot FC &#8211; RSC Anderlecht),<\/li>\n<li>Ren\u00e9 van de Kerkhofs (PSV Eindhoven &#8211; FC Twente),<\/li>\n<li>Guus Hiddink (De Graafschap FC &#8211; PSV Eindhoven),<\/li>\n<li>Kresten Bjerre (PSV Eindhoven &#8211; RWDM),<\/li>\n<li>Nico Rijnders (AFC Ajax &#8211; Club Brugge),<\/li>\n<li>Nico de Bree (RWDM &#8211; RSC Anderlecht),<\/li>\n<li>Lothar Emmerich (FC Borussia Dortmund &#8211; FC Beerschot),<\/li>\n<li>Reinhard Libuda (FC Schalke 04 &#8211; FC Borussia Dortmund),<\/li>\n<li>Martin Jol (Bayern M\u00fcnchen &#8211; FC Twente),<\/li>\n<li>Bergholt Pummy (RSC Anderlecht- RWDM),<\/li>\n<li>Jan Mulder (AFC Ajax &#8211; RSC Anderlecht),<\/li>\n<li>Swat Jenssens (SV Lierse),<\/li>\n<li>Piet Schrijvers (FC Twente &#8211; AFC Ajax),<\/li>\n<li>Barry Hulshoff (AFC Ajax &#8211; MVV FC),<\/li>\n<li>Henk Houwaart (FC Twente &#8211; FC Bruges),<\/li>\n<li>Ruud Krol (AFC Ajax &#8211; AS Cannes),<\/li>\n<li>Ralf Edstr\u00f6m (Standard Li\u00e9ge &#8211; AS Monaco),<\/li>\n<li>Frank Arnesen (RSC Anderlecht &#8211; PSV Eindhoven), <a class=\"lightbox\" href=\"http:\/\/bekeffyfootball.com\/storage\/befunky_img024d.jpg.jpg\"><img loading=\"lazy\" decoding=\"async\" class=\"alignright\" src=\"http:\/\/bekeffyfootball.com\/storage\/befunky_img024d.jpg.jpg\" alt=\"\" width=\"300\" height=\"421\" \/><\/a><\/li>\n<li>Karel Bonsink (RWDM &#8211; AFC Ajax)<\/li>\n<li>Eddy Koens (<span class=\"st\">Sint-Truidense FC &#8211; RWDM),<\/span><\/li>\n<li><span class=\"st\">Jan van Deinsen (Go AHead Eagles &#8211; Feyenoord Rotterdam FC),<\/span><\/li>\n<li><span class=\"st\">Stephanus Walbeek (Hertha BSC &#8211;\u00a0Go AHead Eagles FC),<\/span><\/li>\n<li><span class=\"st\">Hans Bauwmeester (RWDM &#8211; FC Lierse),<br \/>\n<\/span><\/li>\n<li><span class=\"st\">Walter Meeuws (Standard de Li\u00e9ge &#8211; AFC Ajax),<br \/>\n<\/span><\/li>\n<li><span class=\"st\">Tony Morley (Burnley FC &#8211; Aston Vila),<br \/>\n<\/span><\/li>\n<li><span class=\"st\">Theo de jongh (Feyenoord FC &#8211; Roda JC), <\/span><\/li>\n<li><span class=\"st\">Hans Posthumus (RC Mechelen &#8211; SK Lierse),<\/span><\/li>\n<li><span class=\"st\">Dimitri Davidovic (NEC FC &#8211; SK Lierse),<br \/>\n<\/span><\/li>\n<li><span class=\"st\">Ulrik Le fevre (Borussia M&rsquo;gladbach &#8211; Club de Brugge),<\/span><\/li>\n<li><span class=\"st\">Munk Jensen (AaB &#8211; PSV Eindhoven),\u00a0<\/span><\/li>\n<li><span class=\"st\">Andr\u00e9 Vander Ley (FC Den Bosch &#8211; Feyenoord FC),<\/span><\/li>\n<li>Attila Ladinszky (Beerschot VAV &#8211; Feyenoord FC, RSC Anderlecht &#8211; Real Betis FC),<\/li>\n<li>Nagy Antal (Standard Li\u00e9ge FC &#8211; FC Twente),<\/li>\n<li>Krivitz Tam\u00e1s (Kansas City Spurs &#8211; SK Lierse),<\/li>\n<li>Fazekas \u00c1rp\u00e1d (KSV Hessen Kassel &#8211; RSC Anderlecht),<\/li>\n<li>Fazekas L\u00e1szl\u00f3 (\u00dajpest FC &#8211; Royal Antwerpen FC),<\/li>\n<li>Barnab\u00e1s Liebhaber (FC Lierse &#8211; FC Ultrecht),<\/li>\n<li>Visenyei Gyula (Standard Li\u00e9ge &#8211; FC Lierse),<\/li>\n<li>J\u00f3zsef Mucha (FC Ferencv\u00e1ros &#8211; KSV Waregem),<\/li>\n<li>Kenderesi Istv\u00e1n (Vasa FC &#8211; FC Twente, Beerschot VAV),<\/li>\n<li>T\u00f3th Andr\u00e1s (\u00dajpesti D\u00f3zsa &#8211; SK Lierse)<\/li>\n<li>Kocsis Istv\u00e1n (Honv\u00e9d SE &#8211; SK Lierse)&#8230;.<\/li>\n<\/ul>\n<\/td>\n<td><\/td>\n<\/tr>\n<tr>\n<td>\n<hr \/>\n<\/td>\n<td><\/td>\n<\/tr>\n<tr>\n<td>\n<h3>Two football managers recognized in Belgium,\u00a0 B\u00e9keffy Jen\u0151 and Loubo Barin.<\/h3>\n<\/td>\n<td>\u00a0<img loading=\"lazy\" decoding=\"async\" src=\"http:\/\/bekeffyfootball.com\/storage\/1984.png\" alt=\"\" width=\"79\" height=\"66\" \/><\/td>\n<\/tr>\n<tr>\n<td><a class=\"lightbox\" href=\"http:\/\/bekeffyfootball.com\/storage\/befunky_van_basten_04.jpg.jpg\"><img loading=\"lazy\" decoding=\"async\" class=\"alignright\" src=\"http:\/\/bekeffyfootball.com\/storage\/befunky_van_basten_04.jpg.jpg\" alt=\"\" width=\"278\" height=\"400\" \/><\/a><\/p>\n<p><span id=\"result_box\" lang=\"en\"><span class=\"hps\">Definitely<\/span> <span class=\"hps\">B\u00e9keffy<\/span> <span class=\"hps\">is the<\/span> <span class=\"hps\">country&rsquo;s largest<\/span> <span class=\"hps\">manager<\/span>, the 13 <span class=\"hps\">last years<\/span> <span class=\"hps\">he made<\/span> <span class=\"hps\">more than 300<\/span> <span class=\"hps\">transfers<\/span> <span class=\"hps\">between Belgium<\/span> <span class=\"hps\">and Holland.<\/span> <span class=\"hps\">It<\/span> <span class=\"hps\">represents<\/span> <span class=\"hps\">more than all<\/span> <span class=\"hps\">transfers from other<\/span> <span class=\"hps\">managers<\/span> <span class=\"hps\">combined.<\/span> <\/span><\/p>\n<p><span id=\"result_box\" lang=\"en\"><br \/>\n<span class=\"hps\">B\u00e9keffy<\/span> <span class=\"hps\">Jen\u0151<\/span> <span class=\"hps\">worked primarily<\/span> <span class=\"hps\">with<\/span> <span class=\"hps\">Ajax Amsterdam<\/span> <span class=\"hps\">and RSC<\/span> <span class=\"hps\">Anderlecht<\/span>.<\/span><\/p>\n<p><span class=\"hps\">Clubs<\/span>: RSC <span class=\"hps\">Anderlecht<\/span>, <span class=\"hps\">AFC<\/span> <span class=\"hps\">Ajax<\/span><\/td>\n<td><\/td>\n<\/tr>\n<tr>\n<td>\n<hr \/>\n<\/td>\n<td><\/td>\n<\/tr>\n<tr>\n<td>\n<h3>(de Volkskrant van zaterdag 25 januari 1986)<br \/>\nB\u00e9keffy Jen\u0151, first football manager with more than 300 big transfers.<\/h3>\n<\/td>\n<td>\u00a0<img loading=\"lazy\" decoding=\"async\" src=\"http:\/\/bekeffyfootball.com\/storage\/1986.png\" alt=\"\" width=\"79\" height=\"66\" \/><\/td>\n<\/tr>\n<tr>\n<td><a class=\"lightbox\" href=\"http:\/\/bekeffyfootball.com\/storage\/befunky_bekeffy_jeno_00333.jpg\"><img loading=\"lazy\" decoding=\"async\" class=\"alignright\" src=\"http:\/\/bekeffyfootball.com\/storage\/befunky_bekeffy_jeno_00333.jpg\" alt=\"\" width=\"300\" height=\"225\" \/><\/a>Johan Cruyff, Rob Rensenbrink, Johan van Loen, Gerrie M\u00fchren, Arie Haan, Johnny Rep, Rud Geels, Wim Suurbier, Attila Ladinszky.<\/p>\n<p>&nbsp;<\/p>\n<p>Clubs: RSC Anderlecht, AFC Ajax, RWDM, FC Bruges, FC Lierse, PSV Eindhoven,Juventus FC, FC K\u00f6ln, FC Barcelona, FC Utrecht, Valencia FC, FC Feyenoord<\/td>\n<td><\/td>\n<\/tr>\n<tr>\n<td>\n<hr \/>\n<\/td>\n<td><\/td>\n<\/tr>\n<tr>\n<td>\n<h3>Johan Cruyff took with him Van Basten in FC Barcelona..<br \/>\nB\u00e9keffy Jen\u0151 in front of the RSC Anderlecht &#8211; where he managed player transfers for over 17 years.<\/h3>\n<\/td>\n<td>\u00a0<img loading=\"lazy\" decoding=\"async\" src=\"http:\/\/bekeffyfootball.com\/storage\/1987.png\" alt=\"\" width=\"79\" height=\"79\" \/><\/td>\n<\/tr>\n<tr>\n<td><a class=\"lightbox\" href=\"http:\/\/bekeffyfootball.com\/storage\/befunky_janoe.jpg.jpg\"><img loading=\"lazy\" decoding=\"async\" class=\"alignright\" src=\"http:\/\/bekeffyfootball.com\/storage\/befunky_janoe.jpg.jpg\" alt=\"\" width=\"440\" height=\"320\" \/><\/a><\/p>\n<p>Johan Cruyff, Rob Rensenbrink, Johan van Loen, Gerrie M\u00fchren, Arie Haan, Martin Jol, Johnny Rep, Ruud Geels, Wim Suurbier, Attila Ladinszky.<\/p>\n<p>Clubs: RSC Anderlecht, AFC Ajax, RWDM, FC Brugge, FC Lierse, PSV Eindhoven, Juventus FC, FC K\u00f6ln, FC Barcelona, FC Utrecht, Valencia FC, FC Feyenoord, Bayern M\u00fcnchen FC<\/td>\n<td><\/td>\n<\/tr>\n<tr>\n<td>\n<hr \/>\n<\/td>\n<td><\/td>\n<\/tr>\n<tr>\n<td>\n<h3>After a long and fruitful career he died in 1987 at the age of 52.<\/h3>\n<\/td>\n<td><\/td>\n<\/tr>\n<tr>\n<td><\/td>\n<td><\/td>\n<\/tr>\n<tr>\n<td><\/td>\n<td><\/td>\n<\/tr>\n<\/tbody>\n<\/table>\n<hr \/>\n<p><img loading=\"lazy\" decoding=\"async\" src=\"http:\/\/bekeffyfootball.com\/storage\/befunky_page_25.jpg.jpg\" alt=\"\" width=\"369\" height=\"283\" \/><img loading=\"lazy\" decoding=\"async\" src=\"http:\/\/bekeffyfootball.com\/storage\/befunky_team_old2.jpg.jpg\" alt=\"\" width=\"449\" height=\"284\" \/><img loading=\"lazy\" decoding=\"async\" src=\"http:\/\/bekeffyfootball.com\/storage\/befunky_page_6.jpg.jpg\" alt=\"\" width=\"190\" height=\"283\" \/><img loading=\"lazy\" decoding=\"async\" src=\"http:\/\/bekeffyfootball.com\/storage\/befunky_page_11.jpg.jpg\" alt=\"\" width=\"439\" height=\"284\" \/><img loading=\"lazy\" decoding=\"async\" src=\"http:\/\/bekeffyfootball.com\/storage\/befunky_page3.jpg.jpg\" alt=\"\" width=\"286\" height=\"284\" \/><img loading=\"lazy\" decoding=\"async\" src=\"http:\/\/bekeffyfootball.com\/storage\/befunky_page_2.jpg.jpg\" alt=\"\" width=\"286\" height=\"285\" \/><img loading=\"lazy\" decoding=\"async\" src=\"http:\/\/bekeffyfootball.com\/storage\/befunky_monor_4.jpg.jpg\" alt=\"\" width=\"372\" height=\"287\" \/><img loading=\"lazy\" decoding=\"async\" src=\"http:\/\/bekeffyfootball.com\/storage\/befunky_monor_1.jpg.jpg\" alt=\"\" width=\"422\" height=\"285\" \/><img loading=\"lazy\" decoding=\"async\" src=\"http:\/\/bekeffyfootball.com\/storage\/befunky_img228.jpg.jpg\" alt=\"\" width=\"204\" height=\"288\" \/><\/p>\n<p><img loading=\"lazy\" decoding=\"async\" src=\"http:\/\/bekeffyfootball.com\/storage\/befunky_a_valoban_eredeti_csapatkepb.jpg.jpg\" alt=\"\" width=\"437\" height=\"283\" \/><img loading=\"lazy\" decoding=\"async\" src=\"http:\/\/bekeffyfootball.com\/storage\/befunky_honved.jpg.jpg\" alt=\"\" width=\"391\" height=\"285\" \/> <img loading=\"lazy\" decoding=\"async\" src=\"http:\/\/bekeffyfootball.com\/storage\/befunky_page_22.jpg.jpg\" alt=\"\" width=\"176\" height=\"284\" \/><img loading=\"lazy\" decoding=\"async\" src=\"http:\/\/bekeffyfootball.com\/storage\/befunky_page_14.jpg.jpg\" alt=\"\" width=\"438\" height=\"274\" \/>\u00a0 <img loading=\"lazy\" decoding=\"async\" src=\"http:\/\/bekeffyfootball.com\/storage\/befunky_befunky_page_22b.jpg.jpg\" alt=\"\" width=\"419\" height=\"264\" \/> \u00a0\u00a0\u00a0 <img loading=\"lazy\" decoding=\"async\" src=\"http:\/\/bekeffyfootball.com\/storage\/befunky_befunky_bekeffy_jeno_players1.jpg.jpg\" alt=\"\" width=\"192\" height=\"266\" \/><\/p>\n<p><img loading=\"lazy\" decoding=\"async\" src=\"http:\/\/bekeffyfootball.com\/storage\/teampicture111.jpg\" alt=\"\" width=\"404\" height=\"255\" \/>\u00a0 <img loading=\"lazy\" decoding=\"async\" src=\"http:\/\/bekeffyfootball.com\/storage\/teampicture22.jpg\" alt=\"\" width=\"399\" height=\"255\" \/>\u00a0 <img loading=\"lazy\" decoding=\"async\" src=\"http:\/\/bekeffyfootball.com\/storage\/teampicture33.jpg\" alt=\"\" width=\"260\" height=\"255\" \/><img loading=\"lazy\" decoding=\"async\" src=\"http:\/\/bekeffyfootball.com\/storage\/befunky_page5.jpg.jpg\" alt=\"\" width=\"246\" height=\"281\" \/><img loading=\"lazy\" decoding=\"async\" src=\"http:\/\/bekeffyfootball.com\/storage\/befunky_ferencvaros1.jpg.jpg\" alt=\"\" width=\"394\" height=\"284\" \/><img loading=\"lazy\" decoding=\"async\" src=\"http:\/\/bekeffyfootball.com\/storage\/befunky_ferencvaros2.jpg.jpg\" alt=\"\" width=\"376\" height=\"281\" \/><img loading=\"lazy\" decoding=\"async\" src=\"http:\/\/bekeffyfootball.com\/storage\/befunky_img069.jpg.jpg\" alt=\"\" width=\"385\" height=\"281\" \/><img loading=\"lazy\" decoding=\"async\" src=\"http:\/\/bekeffyfootball.com\/storage\/befunky_img073puslas.jpg.jpg\" alt=\"\" width=\"413\" height=\"280\" \/><img loading=\"lazy\" decoding=\"async\" src=\"http:\/\/bekeffyfootball.com\/storage\/befunky_befunky_janoe3.jpg.jpg\" alt=\"\" width=\"216\" height=\"283\" \/><img loading=\"lazy\" decoding=\"async\" src=\"http:\/\/bekeffyfootball.com\/storage\/befunky_page4.jpg.jpg\" alt=\"\" width=\"429\" height=\"278\" \/><img loading=\"lazy\" decoding=\"async\" src=\"http:\/\/bekeffyfootball.com\/storage\/befunky_befunky_bekeffy_jeno_players1.jpg.jpg\" alt=\"\" width=\"204\" height=\"278\" \/><img loading=\"lazy\" decoding=\"async\" src=\"http:\/\/bekeffyfootball.com\/storage\/befunky_befunky_fazekas002b.jpg.jpg\" alt=\"\" width=\"381\" height=\"278\" \/><img loading=\"lazy\" decoding=\"async\" src=\"http:\/\/bekeffyfootball.com\/storage\/befunky_page_181.jpg.jpg\" alt=\"\" width=\"399\" height=\"278\" \/><img loading=\"lazy\" decoding=\"async\" src=\"http:\/\/bekeffyfootball.com\/storage\/befunky_page_13.jpg.jpg\" alt=\"\" width=\"475\" height=\"278\" \/><img loading=\"lazy\" decoding=\"async\" src=\"http:\/\/bekeffyfootball.com\/storage\/befunky_befunky_page_10.jpg.jpg\" alt=\"\" width=\"169\" height=\"279\" \/> <img loading=\"lazy\" decoding=\"async\" src=\"http:\/\/bekeffyfootball.com\/storage\/befunky_page_183.jpg\" alt=\"\" width=\"284\" height=\"279\" \/><img loading=\"lazy\" decoding=\"async\" src=\"http:\/\/bekeffyfootball.com\/storage\/befunky_page_184.jpg.jpg\" alt=\"\" width=\"282\" height=\"282\" \/><img loading=\"lazy\" decoding=\"async\" src=\"http:\/\/bekeffyfootball.com\/storage\/befunky_page_9.jpg.jpg\" alt=\"\" width=\"454\" height=\"281\" \/><img loading=\"lazy\" decoding=\"async\" src=\"http:\/\/bekeffyfootball.com\/storage\/befunky_page_15.jpg.jpg\" alt=\"\" width=\"460\" height=\"279\" \/><img loading=\"lazy\" decoding=\"async\" src=\"http:\/\/bekeffyfootball.com\/storage\/befunky_page_19.jpg.jpg\" alt=\"\" width=\"430\" height=\"279\" \/><img loading=\"lazy\" decoding=\"async\" src=\"http:\/\/bekeffyfootball.com\/storage\/befunky_befunky_img1999jen.jpg\" alt=\"\" width=\"120\" height=\"279\" \/><img loading=\"lazy\" decoding=\"async\" src=\"http:\/\/bekeffyfootball.com\/storage\/befunky_page_23.jpg.jpg\" alt=\"\" width=\"452\" height=\"291\" \/>\u00a0\u00a0 <img loading=\"lazy\" decoding=\"async\" src=\"http:\/\/bekeffyfootball.com\/storage\/befunky_befunky_page_2.jpg.jpg\" alt=\"\" width=\"153\" height=\"291\" \/> \u00a0\u00a0 <img loading=\"lazy\" decoding=\"async\" src=\"http:\/\/bekeffyfootball.com\/storage\/befunky_page_1818.jpg_1.jpg\" alt=\"\" width=\"437\" height=\"292\" \/><img loading=\"lazy\" decoding=\"async\" src=\"http:\/\/bekeffyfootball.com\/storage\/befunky_img198gaboryoung.jpg.jpg\" alt=\"\" width=\"265\" height=\"282\" \/><img loading=\"lazy\" decoding=\"async\" src=\"http:\/\/bekeffyfootball.com\/storage\/befunky_page_24.jpg\" alt=\"\" width=\"474\" height=\"281\" \/>\u00a0<img loading=\"lazy\" decoding=\"async\" src=\"http:\/\/bekeffyfootball.com\/storage\/befunky_page_1820.jpg.jpg\" alt=\"\" width=\"276\" height=\"295\" \/> <img loading=\"lazy\" decoding=\"async\" src=\"http:\/\/bekeffyfootball.com\/storage\/befunky_page_24.jpg.jpg\" alt=\"\" width=\"379\" height=\"263\" \/><img loading=\"lazy\" decoding=\"async\" src=\"http:\/\/bekeffyfootball.com\/storage\/befunky_befunky_page_8.jpg.jpg\" alt=\"\" width=\"371\" height=\"260\" \/><img loading=\"lazy\" decoding=\"async\" src=\"http:\/\/bekeffyfootball.com\/storage\/befunky_page_182.jpg.jpg\" alt=\"\" width=\"256\" height=\"256\" \/><img loading=\"lazy\" decoding=\"async\" src=\"http:\/\/bekeffyfootball.com\/storage\/befunky_page_27.jpg\" alt=\"\" width=\"399\" height=\"256\" \/><img loading=\"lazy\" decoding=\"async\" src=\"http:\/\/bekeffyfootball.com\/storage\/befunky_page_26.jpg\" alt=\"\" width=\"385\" height=\"253\" \/><img loading=\"lazy\" decoding=\"async\" src=\"http:\/\/bekeffyfootball.com\/storage\/befunky_befunky_page_1823.jpg.jpg\" alt=\"\" width=\"221\" height=\"259\" \/><img loading=\"lazy\" decoding=\"async\" src=\"http:\/\/bekeffyfootball.com\/storage\/befunky_befunky_page_1819.jpg.jpg\" alt=\"\" width=\"431\" height=\"285\" \/> <img loading=\"lazy\" decoding=\"async\" src=\"http:\/\/bekeffyfootball.com\/storage\/befunky_page_1822.jpg_1.jpg\" alt=\"\" width=\"383\" height=\"279\" \/><img loading=\"lazy\" decoding=\"async\" src=\"http:\/\/bekeffyfootball.com\/storage\/befunky_befunky_page_1821.jpg.jpg\" alt=\"\" width=\"232\" height=\"283\" \/><\/p>\n","protected":false},"excerpt":{"rendered":"<p>Our history B\u00e9keffy Jen\u0151 was one of the first and most successful UEFA football manager of his generation. He was born on 28th May 1935 in Monor, Hungary and started playing football at the young age of eight. In 1951 he played for Monor FC in the second division. He joined Honv\u00e9d FC in 1954 [&hellip;]<\/p>\n","protected":false},"author":1,"featured_media":0,"parent":0,"menu_order":2,"comment_status":"closed","ping_status":"closed","template":"","meta":{"ocean_post_layout":"","ocean_both_sidebars_style":"","ocean_both_sidebars_content_width":0,"ocean_both_sidebars_sidebars_width":0,"ocean_sidebar":"","ocean_second_sidebar":"","ocean_disable_margins":"enable","ocean_add_body_class":"","ocean_shortcode_before_top_bar":"","ocean_shortcode_after_top_bar":"","ocean_shortcode_before_header":"","ocean_shortcode_after_header":"","ocean_has_shortcode":"","ocean_shortcode_after_title":"","ocean_shortcode_before_footer_widgets":"","ocean_shortcode_after_footer_widgets":"","ocean_shortcode_before_footer_bottom":"","ocean_shortcode_after_footer_bottom":"","ocean_display_top_bar":"default","ocean_display_header":"default","ocean_header_style":"","ocean_center_header_left_menu":"","ocean_custom_header_template":"","ocean_custom_logo":0,"ocean_custom_retina_logo":0,"ocean_custom_logo_max_width":0,"ocean_custom_logo_tablet_max_width":0,"ocean_custom_logo_mobile_max_width":0,"ocean_custom_logo_max_height":0,"ocean_custom_logo_tablet_max_height":0,"ocean_custom_logo_mobile_max_height":0,"ocean_header_custom_menu":"","ocean_menu_typo_font_family":"","ocean_menu_typo_font_subset":"","ocean_menu_typo_font_size":0,"ocean_menu_typo_font_size_tablet":0,"ocean_menu_typo_font_size_mobile":0,"ocean_menu_typo_font_size_unit":"px","ocean_menu_typo_font_weight":"","ocean_menu_typo_font_weight_tablet":"","ocean_menu_typo_font_weight_mobile":"","ocean_menu_typo_transform":"","ocean_menu_typo_transform_tablet":"","ocean_menu_typo_transform_mobile":"","ocean_menu_typo_line_height":0,"ocean_menu_typo_line_height_tablet":0,"ocean_menu_typo_line_height_mobile":0,"ocean_menu_typo_line_height_unit":"","ocean_menu_typo_spacing":0,"ocean_menu_typo_spacing_tablet":0,"ocean_menu_typo_spacing_mobile":0,"ocean_menu_typo_spacing_unit":"","ocean_menu_link_color":"","ocean_menu_link_color_hover":"","ocean_menu_link_color_active":"","ocean_menu_link_background":"","ocean_menu_link_hover_background":"","ocean_menu_link_active_background":"","ocean_menu_social_links_bg":"","ocean_menu_social_hover_links_bg":"","ocean_menu_social_links_color":"","ocean_menu_social_hover_links_color":"","ocean_disable_title":"default","ocean_disable_heading":"default","ocean_post_title":"","ocean_post_subheading":"","ocean_post_title_style":"","ocean_post_title_background_color":"","ocean_post_title_background":0,"ocean_post_title_bg_image_position":"","ocean_post_title_bg_image_attachment":"","ocean_post_title_bg_image_repeat":"","ocean_post_title_bg_image_size":"","ocean_post_title_height":0,"ocean_post_title_bg_overlay":0.5,"ocean_post_title_bg_overlay_color":"","ocean_disable_breadcrumbs":"default","ocean_breadcrumbs_color":"","ocean_breadcrumbs_separator_color":"","ocean_breadcrumbs_links_color":"","ocean_breadcrumbs_links_hover_color":"","ocean_display_footer_widgets":"default","ocean_display_footer_bottom":"default","ocean_custom_footer_template":"","footnotes":""},"class_list":["post-686","page","type-page","status-publish","hentry","entry"],"_links":{"self":[{"href":"https:\/\/bekeffyfootball.com\/fr\/wp-json\/wp\/v2\/pages\/686","targetHints":{"allow":["GET"]}}],"collection":[{"href":"https:\/\/bekeffyfootball.com\/fr\/wp-json\/wp\/v2\/pages"}],"about":[{"href":"https:\/\/bekeffyfootball.com\/fr\/wp-json\/wp\/v2\/types\/page"}],"author":[{"embeddable":true,"href":"https:\/\/bekeffyfootball.com\/fr\/wp-json\/wp\/v2\/users\/1"}],"replies":[{"embeddable":true,"href":"https:\/\/bekeffyfootball.com\/fr\/wp-json\/wp\/v2\/comments?post=686"}],"version-history":[{"count":0,"href":"https:\/\/bekeffyfootball.com\/fr\/wp-json\/wp\/v2\/pages\/686\/revisions"}],"wp:attachment":[{"href":"https:\/\/bekeffyfootball.com\/fr\/wp-json\/wp\/v2\/media?parent=686"}],"curies":[{"name":"wp","href":"https:\/\/api.w.org\/{rel}","templated":true}]}}